{"id":7,"date":"2009-06-06T20:45:55","date_gmt":"2009-06-06T18:45:55","guid":{"rendered":"https:\/\/www.voluntasdei.org\/les-membres-fr\/"},"modified":"2023-02-03T17:18:09","modified_gmt":"2023-02-03T22:18:09","slug":"les-membres-fr","status":"publish","type":"page","link":"https:\/\/www.voluntasdei.org\/en\/les-membres-fr\/","title":{"rendered":"Les membres"},"content":{"rendered":"<h2>Les membres<\/h2>\n<ul>\n<li>\n        <a href=\"\/qui-sommes-nous-fr\/\">Qui sommes-nous?<\/a>\n    <\/li>\n<li>\n        <a href=\"\/le-charisme-fr\/\">Le charisme<\/a>\n    <\/li>\n<li>\n        <a href=\"\/la-spiritualite-2\/\">La spiritualit\u00e9<\/a>\n    <\/li>\n<li>\n        <a href=\"\/la-consecration\/\">La cons\u00e9cration<\/a>\n    <\/li>\n<li>\n        <a href=\"\/la-formation-fr-2\/\">La formation<\/a>\n    <\/li>\n<li>\n        <a href=\"\/la-vie-d-equipe\/\">La vie d\u2019\u00e9quipe<\/a>\n    <\/li>\n<li>\n        <a href=\"\/la-vie-d-un-voluntas-dei\/\">La vie d&#8217;un voluntas Dei<\/a>\n    <\/li>\n<\/ul>\n<div>\n<p style=\"background-color: inherit; color: inherit; font-family: inherit; font-size: 1rem; display: inline !important;\"><span style=\"color: #ff6600;\">L\u2019<\/span>Institut s\u00e9culier Voluntas Dei est\u00a0<strong>un institut cl\u00e9rical<\/strong>. Parmi ses membres, on trouve des pr\u00eatres et des diacres. Cependant, il est aussi\u00a0<strong>ouvert \u00e0 toutes les personnes baptis\u00e9es<\/strong>\u00a0qui aspirent \u00e0 la perfection dans la vie chr\u00e9tienne.<\/p>\n<p style=\"background-color: inherit; color: inherit; font-family: inherit; font-size: 1rem;\">Notre\u00a0Institut est compos\u00e9 de\u00a0:<\/p>\n<h4><span style=\"color: #ff6600;\"><strong>CLERCS<\/strong><\/span><\/h4>\n<p style=\"background-color: inherit; color: inherit; font-family: inherit; font-size: 1rem;\"><strong>Pr\u00eatres<\/strong><\/p>\n<ul>\n<li style=\"background-color: inherit; color: inherit; font-family: inherit; font-size: 1rem;\">incardin\u00e9s \u00e0 l&#8217;Institut<\/li>\n<li style=\"background-color: inherit; color: inherit; font-family: inherit; font-size: 1rem;\">incardin\u00e9s \u00e0 un dioc\u00e8se<\/li>\n<\/ul>\n<h4><span style=\"color: #ff6600;\"><strong>LA\u00cfCS<\/strong><\/span><\/h4>\n<ul>\n<li>Candidats au sacerdoce et au diaconat<\/li>\n<li>Hommes la\u00efques et c\u00e9libataires<\/li>\n<li>Couples catholiques mari\u00e9s\u00a0sacramentellement<\/li>\n<li>Personnes affili\u00e9es spirituellement<\/li>\n<\/ul>\n<p style=\"background-color: inherit; color: inherit; font-family: inherit; font-size: 1rem;\">\u00c0 la fin de 2016, l&#8217;Institut avait <strong>974 membres\u00a0<\/strong>:\u00a0<\/p>\n<ul>\n<li style=\"background-color: inherit; color: inherit; font-family: inherit; font-size: 1rem;\">1 \u00e9v\u00eaque<\/li>\n<li style=\"background-color: inherit; color: inherit; font-family: inherit; font-size: 1rem;\">218 pr\u00eatres<\/li>\n<li style=\"background-color: inherit; color: inherit; font-family: inherit; font-size: 1rem;\">8\u00a0diacres permanents<\/li>\n<li style=\"background-color: inherit; color: inherit; font-family: inherit; font-size: 1rem;\">66 candidats au sacerdoce\u00a0et au diaconat<\/li>\n<li style=\"background-color: inherit; color: inherit; font-family: inherit; font-size: 1rem;\">55 hommes la\u00efques c\u00e9libataires<\/li>\n<li style=\"background-color: inherit; color: inherit; font-family: inherit; font-size: 1rem;\">626 personnes catholiques mari\u00e9es<\/li>\n<\/ul>\n<p>Aujourd&#8217;hui ces membres portent la Bonne Nouvelle dans\u00a0<strong style=\"color: inherit; font-family: inherit; font-size: 1rem;\">22 pays\u00a0<\/strong>:\u00a0<\/p>\n<\/div>\n<ul>\n<li>\n<div>\n<p><strong>Allemagne<\/strong><\/p>\n<\/div>\n<\/li>\n<li>\n<div>\n<p><strong>Angleterre<\/strong><\/p>\n<\/div>\n<\/li>\n<li>\n<div>\n<p><strong>Australie<\/strong><\/p>\n<\/div>\n<\/li>\n<li>\n<div>\n<p><strong>Canada<\/strong><\/p>\n<\/div>\n<\/li>\n<li>\n<div>\n<p><strong>Chili<\/strong><\/p>\n<\/div>\n<\/li>\n<li>\n<div>\n<p><strong>Colombie<\/strong><\/p>\n<\/div>\n<\/li>\n<li>\n<div>\n<p><strong>Cuba<\/strong><\/p>\n<\/div>\n<\/li>\n<li>\n<div>\n<p><strong>\u00c9cosse<\/strong><\/p>\n<\/div>\n<\/li>\n<li>\n<div>\n<p><strong>\u00c9quateur<\/strong><\/p>\n<\/div>\n<\/li>\n<li>\n<div>\n<p><strong>\u00c9tats-Unis<\/strong><\/p>\n<\/div>\n<\/li>\n<li>\n<div>\n<p><strong>\u00c9thiopie<\/strong><\/p>\n<\/div>\n<\/li>\n<\/ul>\n<ul>\n<li>\n<div>\n<p><strong>France<\/strong><\/p>\n<\/div>\n<\/li>\n<li>\n<div>\n<p><strong>Guadeloupe<\/strong><\/p>\n<\/div>\n<\/li>\n<li>\n<div>\n<p><strong>Ha\u00efti<\/strong><\/p>\n<\/div>\n<\/li>\n<li>\n<div>\n<p><strong>Inde<\/strong><\/p>\n<\/div>\n<\/li>\n<li>\n<div>\n<p><strong>Italie<\/strong><\/p>\n<\/div>\n<\/li>\n<li>\n<div>\n<p><strong>Kenya<\/strong><\/p>\n<\/div>\n<\/li>\n<li>\n<div>\n<p><strong>Laos<\/strong><\/p>\n<\/div>\n<\/li>\n<li>\n<div>\n<p><strong>R\u00e9publique dominicaine<\/strong><\/p>\n<\/div>\n<\/li>\n<li>\n<div>\n<p><strong>Sri Lanka<\/strong><\/p>\n<\/div>\n<\/li>\n<li>\n<div>\n<p><strong>Suisse<\/strong><\/p>\n<\/div>\n<\/li>\n<li>\n<div>\n<p><strong>Trinidad et Tobago<\/strong><\/p>\n<\/div>\n<\/li>\n<\/ul>\n<p><!--more--><br \/>\n<!-- {\"type\":\"layout\",\"children\":[{\"type\":\"section\",\"props\":{\"header_transparent\":\"dark\",\"image\":\"wp-content\\\/uploads\\\/2023\\\/01\\\/Nouvelle-entete_IVD.jpg\",\"image_height\":\"auto\",\"image_loading\":true,\"image_position\":\"center-center\",\"image_size\":\"cover\",\"overlap\":false,\"padding\":\"xsmall\",\"style\":\"default\",\"title_breakpoint\":\"xl\",\"title_position\":\"top-left\",\"title_rotation\":\"left\",\"vertical_align\":\"middle\",\"width\":\"large\"},\"children\":[{\"type\":\"row\",\"children\":[{\"type\":\"column\",\"props\":{\"image_position\":\"center-center\",\"media_overlay_gradient\":\"\",\"position_sticky_breakpoint\":\"m\",\"width_medium\":\"1-1\"},\"children\":[{\"type\":\"headline\",\"props\":{\"content\":\"Les membres\",\"content_en_gb\":\"The members\",\"content_es_es\":\"Los miembros\",\"css\":\".el-element{font-family:open sans,arial,sans serif;color:white;}\",\"text_align\":\"center\",\"title_element\":\"h2\"}}]}]}],\"name\":\"Accueil 051122\"},{\"type\":\"section\",\"props\":{\"image_position\":\"center-center\",\"overlap\":false,\"padding\":\"xsmall\",\"padding_remove_bottom\":true,\"style\":\"default\",\"title_breakpoint\":\"xl\",\"title_position\":\"top-left\",\"title_rotation\":\"left\",\"vertical_align\":\"middle\",\"width\":\"small\"},\"children\":[{\"type\":\"row\",\"children\":[{\"type\":\"column\",\"props\":{\"image_position\":\"center-center\",\"media_overlay_gradient\":\"\",\"position_sticky_breakpoint\":\"m\",\"width_medium\":\"1-1\"},\"children\":[{\"type\":\"subnav\",\"props\":{\"attributes\":\"\",\"margin_remove_top\":false,\"subnav_style\":\"divider\",\"text_align\":\"center\"},\"children\":[{\"type\":\"subnav_item\",\"props\":{\"active\":false,\"content\":\"Qui sommes-nous?\",\"content_en_gb\":\"Who we are?\",\"content_es_es\":\"\\u00bfQuienes somos?\",\"link\":\"qui-sommes-nous-fr\\\/\",\"link_en_gb\":\"\\\/en\\\/qui-sommes-nous-fr\\\/\",\"link_es_es\":\"\\\/es\\\/qui-sommes-nous-fr\\\/\"}},{\"type\":\"subnav_item\",\"props\":{\"content\":\"Le charisme\",\"content_en_gb\":\"The charism\",\"content_es_es\":\"El charisma\",\"link\":\"le-charisme-fr\\\/\",\"link_en_gb\":\"\\\/en\\\/le-charisme-fr\\\/\",\"link_es_es\":\"\\\/es\\\/le-charisme-fr\\\/\"}},{\"type\":\"subnav_item\",\"props\":{\"content\":\"La spiritualit\\u00e9\",\"content_en_gb\":\"The spirituality\",\"content_es_es\":\"La espiritualidad\",\"link\":\"la-spiritualite-2\\\/\",\"link_en_gb\":\"\\\/en\\\/la-spiritualite-2\\\/\",\"link_es_es\":\"\\\/es\\\/la-spiritualite-2\\\/\"}},{\"type\":\"subnav_item\",\"props\":{\"content\":\"La cons\\u00e9cration\",\"content_en_gb\":\"The consecration\",\"content_es_es\":\"La consagraci\\u00f3n\",\"link\":\"la-consecration\\\/\",\"link_en_gb\":\"\\\/en\\\/la-consecration\\\/\",\"link_es_es\":\"\\\/es\\\/la-consecration\\\/\"}},{\"type\":\"subnav_item\",\"props\":{\"content\":\"La formation\",\"content_en_gb\":\"The formation\",\"content_es_es\":\"La formaci\\u00f3n\",\"link\":\"la-formation-fr-2\\\/\",\"link_en_gb\":\"\\\/en\\\/la-formation-fr-2\\\/\",\"link_es_es\":\"\\\/es\\\/la-formation-fr-2\\\/\"}},{\"type\":\"subnav_item\",\"props\":{\"content\":\"La vie d\\u2019\\u00e9quipe\",\"content_en_gb\":\"The Team Life\",\"content_es_es\":\"Equipos\",\"link\":\"la-vie-d-equipe\\\/\",\"link_en_gb\":\"\\\/en\\\/la-vie-d-equipe\\\/\",\"link_es_es\":\"\\\/es\\\/la-vie-d-equipe\\\/\"}},{\"type\":\"subnav_item\",\"props\":{\"content\":\"La vie d'un voluntas Dei\",\"content_en_gb\":\"The Life of a Voluntas Dei\",\"content_es_es\":\"La vida de un Voluntas Dei\",\"link\":\"la-vie-d-un-voluntas-dei\\\/\",\"link_en_gb\":\"\\\/en\\\/la-vie-d-un-voluntas-dei\\\/\",\"link_es_es\":\"\\\/es\\\/la-vie-d-un-voluntas-dei\\\/\"}}],\"name\":\"Sous-menu - La vie Voluntas Dei - Global 090122\"},{\"type\":\"text\",\"props\":{\"column_breakpoint\":\"m\",\"content\":\"\n\n<p style=\\\"background-color: inherit; color: inherit; font-family: inherit; font-size: 1rem; display: inline !important;\\\"><span style=\\\"color: #ff6600;\\\">L\\u2019<\\\/span>Institut s\\u00e9culier Voluntas Dei est\\u00a0<strong>un institut cl\\u00e9rical<\\\/strong>. Parmi ses membres, on trouve des pr\\u00eatres et des diacres. Cependant, il est aussi\\u00a0<strong>ouvert \\u00e0 toutes les personnes baptis\\u00e9es<\\\/strong>\\u00a0qui aspirent \\u00e0 la perfection dans la vie chr\\u00e9tienne.<\\\/p>\\n\n\n<p style=\\\"background-color: inherit; color: inherit; font-family: inherit; font-size: 1rem;\\\">Notre\\u00a0Institut est compos\\u00e9 de\\u00a0:<\\\/p>\\n\n\n<h4><span style=\\\"color: #ff6600;\\\"><strong>CLERCS<\\\/strong><\\\/span><\\\/h4>\\n\n\n<p style=\\\"background-color: inherit; color: inherit; font-family: inherit; font-size: 1rem;\\\"><strong>Pr\\u00eatres<\\\/strong><\\\/p>\\n\n\n<ul>\\n\n\n<li style=\\\"background-color: inherit; color: inherit; font-family: inherit; font-size: 1rem;\\\">incardin\\u00e9s \\u00e0 l'Institut<\\\/li>\\n\n\n<li style=\\\"background-color: inherit; color: inherit; font-family: inherit; font-size: 1rem;\\\">incardin\\u00e9s \\u00e0 un dioc\\u00e8se<\\\/li>\\n<\\\/ul>\\n\n\n<h4><span style=\\\"color: #ff6600;\\\"><strong>LA\\u00cfCS<\\\/strong><\\\/span><\\\/h4>\\n\n\n<ul>\\n\n\n<li>Candidats au sacerdoce et au diaconat<\\\/li>\\n\n\n<li>Hommes la\\u00efques et c\\u00e9libataires<\\\/li>\\n\n\n<li>Couples catholiques mari\\u00e9s\\u00a0sacramentellement<\\\/li>\\n\n\n<li>Personnes affili\\u00e9es spirituellement<\\\/li>\\n<\\\/ul>\\n\n\n<p style=\\\"background-color: inherit; color: inherit; font-family: inherit; font-size: 1rem;\\\">\\u00c0 la fin de 2016, l'Institut avait <strong>974 membres\\u00a0<\\\/strong>:\\u00a0<\\\/p>\\n\n\n<ul>\\n\n\n<li style=\\\"background-color: inherit; color: inherit; font-family: inherit; font-size: 1rem;\\\">1 \\u00e9v\\u00eaque<\\\/li>\\n\n\n<li style=\\\"background-color: inherit; color: inherit; font-family: inherit; font-size: 1rem;\\\">218 pr\\u00eatres<\\\/li>\\n\n\n<li style=\\\"background-color: inherit; color: inherit; font-family: inherit; font-size: 1rem;\\\">8\\u00a0diacres permanents<\\\/li>\\n\n\n<li style=\\\"background-color: inherit; color: inherit; font-family: inherit; font-size: 1rem;\\\">66 candidats au sacerdoce\\u00a0et au diaconat<\\\/li>\\n\n\n<li style=\\\"background-color: inherit; color: inherit; font-family: inherit; font-size: 1rem;\\\">55 hommes la\\u00efques c\\u00e9libataires<\\\/li>\\n\n\n<li style=\\\"background-color: inherit; color: inherit; font-family: inherit; font-size: 1rem;\\\">626 personnes catholiques mari\\u00e9es<\\\/li>\\n<\\\/ul>\\n\n\n<p>Aujourd'hui ces membres portent la Bonne Nouvelle dans\\u00a0<strong style=\\\"color: inherit; font-family: inherit; font-size: 1rem;\\\">22 pays\\u00a0<\\\/strong>:\\u00a0<\\\/p>\",\"content_en_gb\":\"\n\n<p><span style=\\\"color: #ff6600;\\\">T<\\\/span>he Voluntas Dei Secular institute is a&nbsp;<strong>clerical institute.<\\\/strong>Its membership is composed of priests and deacons. However, the Institute is&nbsp;<strong>open to all baptised people&nbsp;<\\\/strong>who seek perfection in their Christian life.<\\\/p>\\n\n\n<p>Our Institute is composed of:<\\\/p>\\n\n\n<h4><span style=\\\"color: #ff6600;\\\"><strong><span lang=\\\"EN-US\\\">Clerics<\\\/span><\\\/strong><\\\/span><\\\/h4>\\n\n\n<p style=\\\"background-color: inherit; color: inherit; font-family: inherit; font-size: 1rem;\\\"><strong><span lang=\\\"EN-US\\\">Priests<\\\/span><\\\/strong><\\\/p>\\n\n\n<ul>\\n\n\n<li style=\\\"background-color: inherit; color: inherit; font-family: inherit; font-size: 1rem;\\\"><span face=\\\"Verdana, sans-serif\\\">incardinated in the Institute<\\\/span><\\\/li>\\n\n\n<li style=\\\"background-color: inherit; color: inherit; font-family: inherit; font-size: 1rem;\\\"><span face=\\\"Verdana, sans-serif\\\">incardinated in a diocese<\\\/span><\\\/li>\\n<\\\/ul>\\n\n\n<h4><span style=\\\"color: #ff6600;\\\"><strong><span lang=\\\"EN-US\\\">SECULAR<\\\/span><\\\/strong><\\\/span><\\\/h4>\\n\n\n<ul>\\n\n\n<li><span lang=\\\"EN-US\\\">Deacons and priest candidates<\\\/span><\\\/li>\\n\n\n<li><span lang=\\\"EN-US\\\">Single laymen<\\\/span><\\\/li>\\n\n\n<li><span face=\\\"verdana, geneva\\\">Sacramentally married couples<\\\/span><\\\/li>\\n\n\n<li><span lang=\\\"EN-US\\\">Spiritually affiliated persons<\\\/span><\\\/li>\\n<\\\/ul>\\n\n\n<p style=\\\"background-color: inherit; color: inherit; font-family: inherit; font-size: 1rem;\\\"><span face=\\\"Verdana, sans-serif\\\">At the end of 2016 the Institute had&nbsp;<strong>974 members<\\\/strong>:<\\\/span><\\\/p>\\n\n\n<ul>\\n\n\n<li style=\\\"background-color: inherit; color: inherit; font-family: inherit; font-size: 1rem;\\\">1&nbsp;bishop<\\\/li>\\n\n\n<li style=\\\"background-color: inherit; color: inherit; font-family: inherit; font-size: 1rem;\\\">218&nbsp;priest<\\\/li>\\n\n\n<li style=\\\"background-color: inherit; color: inherit; font-family: inherit; font-size: 1rem;\\\">8 permanent deacons<\\\/li>\\n\n\n<li style=\\\"background-color: inherit; color: inherit; font-family: inherit; font-size: 1rem;\\\">66 candidates to the priesthood and the diaconate<\\\/li>\\n\n\n<li style=\\\"background-color: inherit; color: inherit; font-family: inherit; font-size: 1rem;\\\"><span lang=\\\"EN-US\\\">55&nbsp;<\\\/span><span face=\\\"verdana, geneva\\\">single laymen<\\\/span><\\\/li>\\n\n\n<li style=\\\"background-color: inherit; color: inherit; font-family: inherit; font-size: 1rem;\\\"><span lang=\\\"EN-US\\\">626&nbsp;<\\\/span><span face=\\\"verdana, geneva\\\">persons sacramentally married<\\\/span>s<\\\/li>\\n<\\\/ul>\\n\n\n<p>&nbsp; &nbsp;<br \\\/><span lang=\\\"EN-US\\\"><span lang=\\\"EN-US\\\"><span face=\\\"Verdana, sans-serif\\\">Today these members carry the Good News to&nbsp;<strong>22 countries<\\\/strong>:&nbsp;<\\\/span><\\\/span><\\\/span>&nbsp;<\\\/p>\",\"content_es_es\":\"\n\n<p><span face=\\\"Verdana, sans-serif\\\"><span style=\\\"color: #ff6600;\\\">E<\\\/span>l Instituto secular Voluntas Dei es un instituto clerical. Entre sus miembros se encuentran sacerdotes y di\\u00e1conos. Sin embargo tambi\\u00e9n est\\u00e1 abierto a todas las personas bautizadas que aspiran a la perfecci\\u00f3n en la vida cristiana.<\\\/span><\\\/p>\\n\n\n<h4><span style=\\\"color: #ff6600;\\\"><strong><span>Cl\\u00e9rigos<\\\/span><\\\/strong><\\\/span><\\\/h4>\\n\n\n<p style=\\\"background-color: inherit; color: inherit; font-family: inherit; font-size: 1rem;\\\"><strong><span lang=\\\"EN-US\\\"><span face=\\\"Verdana, sans-serif\\\">Sacerdote<\\\/span><\\\/span><\\\/strong><\\\/p>\\n\n\n<ul>\\n\n\n<li style=\\\"background-color: inherit; color: inherit; font-family: inherit; font-size: 1rem;\\\">Incardinados al Instituto<\\\/li>\\n\n\n<li style=\\\"background-color: inherit; color: inherit; font-family: inherit; font-size: 1rem;\\\">Incardinados a una di\\u00f3cesis<\\\/li>\\n<\\\/ul>\\n\n\n<p style=\\\"background-color: inherit; color: inherit; font-family: inherit; font-size: 1rem;\\\"><strong><span face=\\\"Verdana, sans-serif\\\">Di\\u00e1conos permanentes<\\\/span><\\\/strong><\\\/p>\\n\n\n<h4><span style=\\\"color: #ff6600;\\\"><strong><span>SECULAR<\\\/span><\\\/strong><\\\/span><\\\/h4>\\n\n\n<ul>\\n\n\n<li><span lang=\\\"EN-US\\\">Candidatos al sacerdocio y al diaconado<\\\/span><\\\/li>\\n\n\n<li><span face=\\\"verdana, geneva\\\">Hombres laicos solteros<\\\/span><\\\/li>\\n\n\n<li><span lang=\\\"EN-US\\\">Parejas cat\\u00f3licas casadas sacramentalmente&nbsp;<\\\/span><\\\/li>\\n\n\n<li><span lang=\\\"EN-US\\\">Personas afiliadas espiritualmente<\\\/span><\\\/li>\\n<\\\/ul>\\n\n\n<p style=\\\"background-color: inherit; color: inherit; font-family: inherit; font-size: 1rem;\\\"><span face=\\\"Verdana, sans-serif\\\">Al final del a\\u00f1o 2015, el Instituto contaba con 974 miembros:<\\\/span><\\\/p>\\n\n\n<ul>\\n\n\n<li style=\\\"background-color: inherit; color: inherit; font-family: inherit; font-size: 1rem;\\\">1&nbsp;bishop<\\\/li>\\n\n\n<li style=\\\"background-color: inherit; color: inherit; font-family: inherit; font-size: 1rem;\\\">218 <span lang=\\\"EN-US\\\">sacerdotes<\\\/span><\\\/li>\\n\n\n<li style=\\\"background-color: inherit; color: inherit; font-family: inherit; font-size: 1rem;\\\">8 <span lang=\\\"EN-US\\\">di\\u00e1conos permanentes<\\\/span><\\\/li>\\n\n\n<li style=\\\"background-color: inherit; color: inherit; font-family: inherit; font-size: 1rem;\\\">66 <span lang=\\\"EN-US\\\"><span face=\\\"verdana, geneva\\\">candidatos al sacerdocio y al diaconado<\\\/span><\\\/span><\\\/li>\\n\n\n<li style=\\\"background-color: inherit; color: inherit; font-family: inherit; font-size: 1rem;\\\"><span lang=\\\"EN-US\\\">55&nbsp;<span face=\\\"verdana, geneva\\\" size=\\\"2\\\">hombres laicos solteros<\\\/span><\\\/span><\\\/li>\\n\n\n<li style=\\\"background-color: inherit; color: inherit; font-family: inherit; font-size: 1rem;\\\"><span lang=\\\"EN-US\\\">626&nbsp;<span face=\\\"verdana, geneva\\\">p<\\\/span><span face=\\\"verdana, geneva\\\">ersonas cat\\u00f3licas casadas sacramentalmente<\\\/span><\\\/span><\\\/li>\\n<\\\/ul>\\n\n\n<p>&nbsp; &nbsp;<br \\\/><span lang=\\\"EN-US\\\"><span lang=\\\"EN-US\\\"><span face=\\\"Verdana, sans-serif\\\">Hoy estos miembros llevan la Buena Nueva en&nbsp;<strong>23 pa\\u00edses<\\\/strong>:&nbsp;<\\\/span><\\\/span><\\\/span>&nbsp;<\\\/p>\",\"dropcap\":true,\"margin\":\"medium\"}}]}]}]},{\"type\":\"section\",\"props\":{\"image_position\":\"center-center\",\"padding\":\"xsmall\",\"padding_remove_bottom\":false,\"padding_remove_top\":false,\"style\":\"default\",\"title_breakpoint\":\"xl\",\"title_position\":\"top-left\",\"title_rotation\":\"left\",\"vertical_align\":\"middle\",\"width\":\"xsmall\"},\"children\":[{\"type\":\"row\",\"props\":{\"layout\":\"1-3,1-3,1-3\"},\"children\":[{\"type\":\"column\",\"props\":{\"image_position\":\"center-center\",\"media_overlay_gradient\":\"\",\"position_sticky_breakpoint\":\"m\",\"width_medium\":\"1-3\"},\"children\":[{\"type\":\"list\",\"props\":{\"column_breakpoint\":\"m\",\"content_style\":\"h4\",\"css\":\".el-element{line-height:0.4em;font-size:0.8em;color:orangered;}\",\"image_align\":\"left\",\"image_svg_color\":\"emphasis\",\"image_vertical_align\":true,\"list_element\":\"ul\",\"list_horizontal_separator\":\", \",\"list_marker_color\":\"\",\"list_size\":\"\",\"list_type\":\"vertical\",\"show_image\":true,\"show_link\":true,\"text_align\":\"center\"},\"children\":[{\"type\":\"list_item\",\"props\":{\"content\":\"\n\n<p><strong>Allemagne<\\\/strong><\\\/p>\",\"content_en_gb\":\"\n\n<p><strong>Alemania<\\\/strong><\\\/p>\",\"content_es_es\":\"\n\n<p><strong>Germany<\\\/strong><\\\/p>\"}},{\"type\":\"list_item\",\"props\":{\"content\":\"\n\n<p><strong>Angleterre<\\\/strong><\\\/p>\",\"content_en_gb\":\"\n\n<p><strong>England<\\\/strong><\\\/p>\",\"content_es_es\":\"\n\n<p><strong>Inglaterra<\\\/strong><\\\/p>\"}},{\"type\":\"list_item\",\"props\":{\"content\":\"\n\n<p><strong>Australie<\\\/strong><\\\/p>\",\"content_en_gb\":\"\n\n<p><strong>Australia<\\\/strong><\\\/p>\",\"content_es_es\":\"\n\n<p><strong>Australia<\\\/strong><\\\/p>\"}},{\"type\":\"list_item\",\"props\":{\"content\":\"\n\n<p><strong>Canada<\\\/strong><\\\/p>\",\"content_en_gb\":\"\n\n<p><strong>Canada<\\\/strong><\\\/p>\",\"content_es_es\":\"\n\n<p><strong>Canad\\u00e1<\\\/strong><\\\/p>\"}},{\"type\":\"list_item\",\"props\":{\"content\":\"\n\n<p><strong>Chili<\\\/strong><\\\/p>\",\"content_en_gb\":\"\n\n<p><strong>Chile<\\\/strong><\\\/p>\",\"content_es_es\":\"\n\n<p><strong>Chile<\\\/strong><\\\/p>\"}},{\"type\":\"list_item\",\"props\":{\"content\":\"\n\n<p><strong>Colombie<\\\/strong><\\\/p>\",\"content_en_gb\":\"\n\n<p><strong>Colombia<\\\/strong><\\\/p>\",\"content_es_es\":\"\n\n<p><strong>Colombia<\\\/strong><\\\/p>\"}},{\"type\":\"list_item\",\"props\":{\"content\":\"\n\n<p><strong>Cuba<\\\/strong><\\\/p>\",\"content_en_gb\":\"\n\n<p><strong>Cuba<\\\/strong><\\\/p>\",\"content_es_es\":\"\n\n<p><strong>Cuba<\\\/strong><\\\/p>\"}},{\"type\":\"list_item\",\"props\":{\"content\":\"\n\n<p><strong>\\u00c9cosse<\\\/strong><\\\/p>\",\"content_en_gb\":\"\n\n<p><strong>Scotland<\\\/strong><\\\/p>\",\"content_es_es\":\"\n\n<p><strong>Escocia<\\\/strong><\\\/p>\"}},{\"type\":\"list_item\",\"props\":{\"content\":\"\n\n<p><strong>\\u00c9quateur<\\\/strong><\\\/p>\",\"content_en_gb\":\"\n\n<p><strong>Ecuador<\\\/strong><\\\/p>\",\"content_es_es\":\"\n\n<p><strong>Ecuador<\\\/strong><\\\/p>\"}},{\"type\":\"list_item\",\"props\":{\"content\":\"\n\n<p><strong>\\u00c9tats-Unis<\\\/strong><\\\/p>\",\"content_en_gb\":\"\n\n<p><strong>United States<\\\/strong><\\\/p>\",\"content_es_es\":\"\n\n<p><strong>Estados Unidos<\\\/strong><\\\/p>\"}},{\"type\":\"list_item\",\"props\":{\"content\":\"\n\n<p><strong>\\u00c9thiopie<\\\/strong><\\\/p>\",\"content_en_gb\":\"\n\n<p><strong>\\u00c9thiopie<\\\/strong><\\\/p>\",\"content_es_es\":\"\n\n<p><strong>\\u00c9thiopie<\\\/strong><\\\/p>\"}}]}]},{\"type\":\"column\",\"props\":{\"image_position\":\"center-center\",\"media_overlay_gradient\":\"\",\"position_sticky_breakpoint\":\"m\",\"width_medium\":\"1-3\"},\"children\":[{\"type\":\"list\",\"props\":{\"column_breakpoint\":\"m\",\"content_style\":\"h4\",\"css\":\".el-element{line-height:0.4em;font-size:0.8em;color:orangered;}\",\"image_align\":\"left\",\"image_svg_color\":\"emphasis\",\"image_vertical_align\":true,\"list_element\":\"ul\",\"list_horizontal_separator\":\", \",\"list_marker_color\":\"\",\"list_size\":\"\",\"list_type\":\"vertical\",\"show_image\":true,\"show_link\":true,\"text_align\":\"center\"},\"children\":[{\"type\":\"list_item\",\"props\":{\"content\":\"\n\n<p><strong>France<\\\/strong><\\\/p>\",\"content_en_gb\":\"\n\n<p><strong>France<\\\/strong><\\\/p>\",\"content_es_es\":\"\n\n<p><strong>Francia<\\\/strong><\\\/p>\"}},{\"type\":\"list_item\",\"props\":{\"content\":\"\n\n<p><strong>Guadeloupe<\\\/strong><\\\/p>\",\"content_en_gb\":\"\n\n<p><strong>Guadeloupe<\\\/strong><\\\/p>\",\"content_es_es\":\"\n\n<p><strong>Guadalupe<\\\/strong><\\\/p>\"}},{\"type\":\"list_item\",\"props\":{\"content\":\"\n\n<p><strong>Ha\\u00efti<\\\/strong><\\\/p>\",\"content_en_gb\":\"\n\n<p><strong>Haiti<\\\/strong><\\\/p>\",\"content_es_es\":\"\n\n<p><strong>Hait\\u00ed<\\\/strong><\\\/p>\"}},{\"type\":\"list_item\",\"props\":{\"content\":\"\n\n<p><strong>Inde<\\\/strong><\\\/p>\",\"content_en_gb\":\"\n\n<p><strong>India<\\\/strong><\\\/p>\",\"content_es_es\":\"\n\n<p><strong>India<\\\/strong><\\\/p>\"}},{\"type\":\"list_item\",\"props\":{\"content\":\"\n\n<p><strong>Italie<\\\/strong><\\\/p>\",\"content_en_gb\":\"\n\n<p><strong>Italy<\\\/strong><\\\/p>\",\"content_es_es\":\"\n\n<p><strong>Italia<\\\/strong><\\\/p>\"}},{\"type\":\"list_item\",\"props\":{\"content\":\"\n\n<p><strong>Kenya<\\\/strong><\\\/p>\",\"content_en_gb\":\"\n\n<p><strong>Kenya<\\\/strong><\\\/p>\",\"content_es_es\":\"\n\n<p><strong>Kenya<\\\/strong><\\\/p>\"}},{\"type\":\"list_item\",\"props\":{\"content\":\"\n\n<p><strong>Laos<\\\/strong><\\\/p>\",\"content_en_gb\":\"\n\n<p><strong>Laos<\\\/strong><\\\/p>\",\"content_es_es\":\"\n\n<p><strong>Laos<\\\/strong><\\\/p>\"}},{\"type\":\"list_item\",\"props\":{\"content\":\"\n\n<p><strong>R\\u00e9publique dominicaine<\\\/strong><\\\/p>\",\"content_en_gb\":\"\n\n<p><strong>Dominican Republican<\\\/strong><\\\/p>\",\"content_es_es\":\"\n\n<p><strong>Rep\\u00fablica dominica<\\\/strong><\\\/p>\"}},{\"type\":\"list_item\",\"props\":{\"content\":\"\n\n<p><strong>Sri Lanka<\\\/strong><\\\/p>\"}},{\"type\":\"list_item\",\"props\":{\"content\":\"\n\n<p><strong>Suisse<\\\/strong><\\\/p>\",\"content_en_gb\":\"\n\n<p><strong>Switzerland<\\\/strong><\\\/p>\",\"content_es_es\":\"\n\n<p><strong>Suiza<\\\/strong><\\\/p>\"}},{\"type\":\"list_item\",\"props\":{\"content\":\"\n\n<p><strong>Trinidad et Tobago<\\\/strong><\\\/p>\",\"content_en_gb\":\"\n\n<p><strong>Trinidad and Tobago<\\\/strong><\\\/p>\",\"content_es_es\":\"\n\n<p><strong>Trinidad y Tobago<\\\/strong><\\\/p>\"}}]}]},{\"type\":\"column\",\"props\":{\"image_position\":\"center-center\",\"media_overlay_gradient\":\"\",\"position_sticky_breakpoint\":\"m\",\"width_medium\":\"1-3\"},\"children\":[]}]}]}],\"version\":\"3.0.23\",\"yooessentialsVersion\":\"1.9.3\"} --><\/p>\n","protected":false},"excerpt":{"rendered":"<p>Les membres Qui sommes-nous? Le charisme La spiritualit\u00e9 La cons\u00e9cration La formation La vie d\u2019\u00e9quipe La vie d&#8217;un voluntas Dei L\u2019Institut s\u00e9culier Voluntas Dei est\u00a0un institut cl\u00e9rical. Parmi ses membres, on trouve des pr\u00eatres et des diacres. Cependant, il est aussi\u00a0ouvert \u00e0 toutes les personnes baptis\u00e9es\u00a0qui aspirent \u00e0 la perfection dans la vie chr\u00e9tienne. Notre\u00a0Institut [&hellip;]<\/p>\n","protected":false},"author":1,"featured_media":0,"parent":0,"menu_order":39,"comment_status":"closed","ping_status":"closed","template":"","meta":{"footnotes":""},"class_list":["post-7","page","type-page","status-publish","hentry"],"_links":{"self":[{"href":"https:\/\/www.voluntasdei.org\/en\/wp-json\/wp\/v2\/pages\/7","targetHints":{"allow":["GET"]}}],"collection":[{"href":"https:\/\/www.voluntasdei.org\/en\/wp-json\/wp\/v2\/pages"}],"about":[{"href":"https:\/\/www.voluntasdei.org\/en\/wp-json\/wp\/v2\/types\/page"}],"author":[{"embeddable":true,"href":"https:\/\/www.voluntasdei.org\/en\/wp-json\/wp\/v2\/users\/1"}],"replies":[{"embeddable":true,"href":"https:\/\/www.voluntasdei.org\/en\/wp-json\/wp\/v2\/comments?post=7"}],"version-history":[{"count":151,"href":"https:\/\/www.voluntasdei.org\/en\/wp-json\/wp\/v2\/pages\/7\/revisions"}],"predecessor-version":[{"id":6792,"href":"https:\/\/www.voluntasdei.org\/en\/wp-json\/wp\/v2\/pages\/7\/revisions\/6792"}],"wp:attachment":[{"href":"https:\/\/www.voluntasdei.org\/en\/wp-json\/wp\/v2\/media?parent=7"}],"curies":[{"name":"wp","href":"https:\/\/api.w.org\/{rel}","templated":true}]}}