{"id":4186,"date":"2022-12-12T20:07:33","date_gmt":"2022-12-13T01:07:33","guid":{"rendered":"https:\/\/www.voluntasdei.org\/?page_id=4186"},"modified":"2023-01-09T12:50:51","modified_gmt":"2023-01-09T17:50:51","slug":"francois-hamel","status":"publish","type":"page","link":"https:\/\/www.voluntasdei.org\/en\/francois-hamel\/","title":{"rendered":"Fran\u00e7ois Hamel"},"content":{"rendered":"<h2><strong>Fran\u00e7ois Hamel<\/strong><\/h2>\n<p><img decoding=\"async\" src=\"\/wp-content\/uploads\/2021\/12\/pres-fhamel-1.jpg\" alt=\"\"><\/p>\n<p>\n    <a href=\"\/le-directeur-general-ivd\/\">Nouvelles du directeur g\u00e9n\u00e9ral<\/a>\n<\/p>\n<div>\n<p><span color=\"#000000\"><span style=\"color: #ff6600;\">L<\/span>e P\u00e8re Fran\u00e7ois Hamel est n\u00e9 le 26 ao\u00fbt 1953 \u00e0 Cap-de-la-Madeleine (Trois-Rivi\u00e8res). Il est l\u2019a\u00een\u00e9 d\u2019une famille de trois enfants. Il a connu l\u2019Institut Voluntas Dei par un professeur au moment o\u00f9 il fr\u00e9quentait le petit s\u00e9minaire de Trois-Rivi\u00e8res. C\u2019est ce m\u00eame professeur \u2013 le P\u00e8re Gaston Laroche \u2013 qui l\u2019a invit\u00e9 \u00e0 se joindre \u00e0 l\u2019institut en 1978. Le P\u00e8re Fran\u00e7ois a commenc\u00e9 son aspirat le 9 mai 1980 et il fut ordonn\u00e9 pr\u00eatre le 22 novembre 1986.\u00a0 Son v\u00e9cu de la cons\u00e9cration s\u00e9culi\u00e8re l\u2019am\u00e8ne \u00e0 rejoindre les gens l\u00e0 o\u00f9 ils sont. Il sait \u00e9couter et toucher les coeurs de ceux et celles qu\u2018il c\u00f4toie. Il est un canoniste qui sait allier humanit\u00e9 et pastorale<\/span>.\u00a0<\/p>\n<p><span lang=\"FR\"><span face=\"Verdana\" color=\"#000000\" size=\"2\">Il a pass\u00e9 une large partie de sa vie dans le monde de l\u2019enseignement au secondaire (1976 \u00e0 1998) et comme charg\u00e9 de cours au grand s\u00e9minaire de Montr\u00e9al, \u00e0 l\u2019Universit\u00e9 du Qu\u00e9bec \u00e0 Trois-Rivi\u00e8res et aussi \u00e0 l\u2019Universit\u00e9 Saint-Paul d\u2019Ottawa. En 1992, il obtenait un doctorat en droit canonique de l\u2019Universit\u00e9 de Strasbourg, France. De 1987 \u00e0 1992, il a \u00e9t\u00e9 membre du conseil du district canadien et fut responsable de la formation des candidats aux ordres sacr\u00e9s. En 1992, il \u00e9tait \u00e9lu membre du conseil central et occupait la charge de secr\u00e9taire g\u00e9n\u00e9ral, travaillant ainsi en \u00e9troite collaboration avec le directeur g\u00e9n\u00e9ral Yvon Carpentier. Il est un travailleur acharn\u00e9 qui peut mener plusieurs dossiers en m\u00eame temps.<\/span><\/span><\/p>\n<p><span face=\"Verdana\" color=\"#000000\" size=\"2\">En 1998, il lui succ\u00e9dait comme cinqui\u00e8me directeur g\u00e9n\u00e9ral de l\u2019Institut. Il fut r\u00e9\u00e9lu en 2004 pour un deuxi\u00e8me mandat de six ans. Ses deux mandats \u00e0 la t\u00eate de l\u2019Institut ont \u00e9t\u00e9 marqu\u00e9s par un accroissement consid\u00e9rable de membres, de fondations nouvelles et par une restructuration diff\u00e9rente de l\u2019Institut dans certains pays. Il a contribu\u00e9 \u00e0 faire conna\u00eetre davantage l\u2019Institut en assumant deux mandats (2000-2004 et 2004-2008) au conseil ex\u00e9cutif de la Conf\u00e9rence mondiale des instituts s\u00e9culiers (CMIS) \u00e0 Rome. En 2007, gr\u00e2ce \u00e0 ses efforts, la Congr\u00e9gation pour les instituts de vie consacr\u00e9e et les soci\u00e9t\u00e9s de vie apostolique accordait \u00e0 l\u2019Institut Voluntas Dei un indult permanent pour \u00e9mettre les lettres dimissoriales.<\/span><\/p>\n<\/div>\n<p><!--more--><br \/>\n<!-- {\"children\":[{\"type\":\"section\",\"props\":{\"header_transparent\":\"dark\",\"image\":\"wp-content\\\/uploads\\\/2022\\\/11\\\/Nouvelle-entete_IVD.jpg\",\"image_height\":\"auto\",\"image_position\":\"center-center\",\"image_size\":\"cover\",\"overlap\":false,\"padding\":\"xsmall\",\"style\":\"default\",\"title_breakpoint\":\"xl\",\"title_position\":\"top-left\",\"title_rotation\":\"left\",\"vertical_align\":\"middle\",\"width\":\"large\"},\"children\":[{\"type\":\"row\",\"children\":[{\"type\":\"column\",\"props\":{\"image_position\":\"center-center\",\"media_overlay_gradient\":\"\",\"position_sticky_breakpoint\":\"m\",\"width_medium\":\"1-1\"},\"children\":[{\"type\":\"headline\",\"props\":{\"content\":\"<strong>Fran\\u00e7ois Hamel<\\\/strong>\",\"margin_remove_bottom\":false,\"text_align\":\"center\",\"title_color\":\"success\",\"title_element\":\"h2\"}}]}]}],\"name\":\"Accueil 051122\"},{\"type\":\"section\",\"props\":{\"image\":\"\",\"image_position\":\"center-center\",\"padding\":\"xsmall\",\"style\":\"default\",\"title_breakpoint\":\"xl\",\"title_position\":\"top-left\",\"title_rotation\":\"left\",\"vertical_align\":\"middle\",\"width\":\"large\"},\"children\":[{\"type\":\"row\",\"children\":[{\"type\":\"column\",\"props\":{\"image_position\":\"center-center\",\"media_overlay_gradient\":\"\",\"position_sticky_breakpoint\":\"m\",\"width_medium\":\"2-5\"},\"children\":[{\"type\":\"image\",\"props\":{\"image\":\"wp-content\\\/uploads\\\/2021\\\/12\\\/pres-fhamel-1.jpg\",\"image_svg_color\":\"emphasis\",\"margin\":\"default\"}},{\"type\":\"button\",\"props\":{\"grid_column_gap\":\"small\",\"grid_row_gap\":\"small\",\"margin\":\"default\"},\"children\":[{\"type\":\"button_item\",\"props\":{\"button_style\":\"primary\",\"content\":\"Nouvelles du directeur g\\u00e9n\\u00e9ral\",\"content_en_gb\":\"Director General's News\",\"content_es_es\":\"Noticias del director general\",\"icon_align\":\"left\",\"link\":\"le-directeur-general-ivd\\\/\"}}],\"name\":\"Bouton - Nouvelles du directeur g\\u00e9n\\u00e9ral\"}]},{\"type\":\"column\",\"props\":{\"image_position\":\"center-center\",\"media_overlay_gradient\":\"\",\"position_sticky_breakpoint\":\"m\",\"width_medium\":\"3-5\"},\"children\":[{\"type\":\"text\",\"props\":{\"column_breakpoint\":\"m\",\"content\":\"\n\n<p><span color=\\\"#000000\\\"><span style=\\\"color: #ff6600;\\\">L<\\\/span>e P\\u00e8re Fran\\u00e7ois Hamel est n\\u00e9 le 26 ao\\u00fbt 1953 \\u00e0 Cap-de-la-Madeleine (Trois-Rivi\\u00e8res). Il est l\\u2019a\\u00een\\u00e9 d\\u2019une famille de trois enfants. Il a connu l\\u2019Institut Voluntas Dei par un professeur au moment o\\u00f9 il fr\\u00e9quentait le petit s\\u00e9minaire de Trois-Rivi\\u00e8res. C\\u2019est ce m\\u00eame professeur \\u2013 le P\\u00e8re Gaston Laroche \\u2013 qui l\\u2019a invit\\u00e9 \\u00e0 se joindre \\u00e0 l\\u2019institut en 1978. Le P\\u00e8re Fran\\u00e7ois a commenc\\u00e9 son aspirat le 9 mai 1980 et il fut ordonn\\u00e9 pr\\u00eatre le 22 novembre 1986.\\u00a0 Son v\\u00e9cu de la cons\\u00e9cration s\\u00e9culi\\u00e8re l\\u2019am\\u00e8ne \\u00e0 rejoindre les gens l\\u00e0 o\\u00f9 ils sont. Il sait \\u00e9couter et toucher les coeurs de ceux et celles qu\\u2018il c\\u00f4toie. Il est un canoniste qui sait allier humanit\\u00e9 et pastorale<\\\/span>.\\u00a0<br \\\/><br \\\/><span lang=\\\"FR\\\"><span face=\\\"Verdana\\\" color=\\\"#000000\\\" size=\\\"2\\\">Il a pass\\u00e9 une large partie de sa vie dans le monde de l\\u2019enseignement au secondaire (1976 \\u00e0 1998) et comme charg\\u00e9 de cours au grand s\\u00e9minaire de Montr\\u00e9al, \\u00e0 l\\u2019Universit\\u00e9 du Qu\\u00e9bec \\u00e0 Trois-Rivi\\u00e8res et aussi \\u00e0 l\\u2019Universit\\u00e9 Saint-Paul d\\u2019Ottawa. En 1992, il obtenait un doctorat en droit canonique de l\\u2019Universit\\u00e9 de Strasbourg, France. De 1987 \\u00e0 1992, il a \\u00e9t\\u00e9 membre du conseil du district canadien et fut responsable de la formation des candidats aux ordres sacr\\u00e9s. En 1992, il \\u00e9tait \\u00e9lu membre du conseil central et occupait la charge de secr\\u00e9taire g\\u00e9n\\u00e9ral, travaillant ainsi en \\u00e9troite collaboration avec le directeur g\\u00e9n\\u00e9ral Yvon Carpentier. Il est un travailleur acharn\\u00e9 qui peut mener plusieurs dossiers en m\\u00eame temps.<\\\/span><\\\/span><\\\/p>\\n\n\n<p><span face=\\\"Verdana\\\" color=\\\"#000000\\\" size=\\\"2\\\">En 1998, il lui succ\\u00e9dait comme cinqui\\u00e8me directeur g\\u00e9n\\u00e9ral de l\\u2019Institut. Il fut r\\u00e9\\u00e9lu en 2004 pour un deuxi\\u00e8me mandat de six ans. Ses deux mandats \\u00e0 la t\\u00eate de l\\u2019Institut ont \\u00e9t\\u00e9 marqu\\u00e9s par un accroissement consid\\u00e9rable de membres, de fondations nouvelles et par une restructuration diff\\u00e9rente de l\\u2019Institut dans certains pays. Il a contribu\\u00e9 \\u00e0 faire conna\\u00eetre davantage l\\u2019Institut en assumant deux mandats (2000-2004 et 2004-2008) au conseil ex\\u00e9cutif de la Conf\\u00e9rence mondiale des instituts s\\u00e9culiers (CMIS) \\u00e0 Rome. En 2007, gr\\u00e2ce \\u00e0 ses efforts, la Congr\\u00e9gation pour les instituts de vie consacr\\u00e9e et les soci\\u00e9t\\u00e9s de vie apostolique accordait \\u00e0 l\\u2019Institut Voluntas Dei un indult permanent pour \\u00e9mettre les lettres dimissoriales.<\\\/span><\\\/p>\",\"content_en_gb\":\"\n\n<p><span face=\\\"Verdana\\\" size=\\\"2\\\"><span color=\\\"#000000\\\"><span style=\\\"color: #ff6600;\\\">F<\\\/span>ather Fran\\u00e7ois Hamel was born August 26, 1953 in Cap-de-la-Madeleine (Trois-Rivi\\u00e8res), Qu\\u00e9bec, the eldest of three children. He learned of the Institute by a teacher at the Trois-Rivi\\u00e8res Minor Seminary. It was this professor \\u2013 Father Gaston Laroche \\u2013 who invited him to join the Institute in 1978. Father Fran\\u00e7ois started his aspirancy on May 9, 1980 and was ordained a priest on November 22, 1986. His own experience of consecrated secularity helps him reach out to the people where they are. He is a listener and has the gift of touching the heart of those around him. He is a canonist who can ally humanity and pastoral reality<\\\/span><\\\/span><span face=\\\"Verdana\\\" size=\\\"2\\\">. &nbsp;<\\\/span><\\\/p>\\n\n\n<p><span size=\\\"2\\\"><span color=\\\"#000000\\\"><span face=\\\"Verdana\\\">Father Fran\\u00e7ois spent most of his adult life as a secondary school teacher (1976-1998) and as a professor at the Montreal Major Seminary, the Universit\\u00e9 du Qu\\u00e9bec at Trois-Rivi\\u00e8res, and Saint Paul University in Ottawa, Ontario. He was granted a doctorate in canon law in 1992 by the University of Strasbourg, France. From 1987 to 1992 he was on the Canadian District Council and was in charge of formation of candidates to sacred orders. In 1992 he was elected to the Central Council where he held the position of secretary general, and in this way worked in close collaboration with Director General Father Yvon Carpentier. Father Fran\\u00e7ois is a hard worker \\u2013 if not a workaholic! \\u2013 who can juggle a number of portfolios together&nbsp;at any time.<\\\/span><\\\/span><\\\/span><\\\/p>\\n\n\n<p><span lang=\\\"EN-CA\\\"><span face=\\\"Verdana\\\" color=\\\"#000000\\\" size=\\\"2\\\">In 1998 he was elected the fifth Director General of the Institute, and was re-elected in 2004 to a second six-year term. His two terms as leader of the Institute were marked by a considerable increase in membership, new foundations, and by a different&nbsp; restructuring of the Institute in certain countries. He contributed in making the Institute known by serving two mandates (2000-2004 and 2004-2008) on the executive council of the World Conference of Secular Institutes (WCSI) in Rome. Through his efforts, in 2007, the Congregation for Institutes of Consecrated Life and Societies of Apostolic Life granted the Voluntas Dei Institute a permanent indult to grant dimissorial letters.<\\\/span><\\\/span><\\\/p>\",\"content_es_es\":\"\n\n<p><span style=\\\"color: #ff6600;\\\">E<\\\/span>l Padre Fran\\u00e7ois Hamel naci\\u00f3 el 26 de agosto de 1953 en Cap-de-la-Madeleine (Trois-Rivi\\u00e8res). Es el primog\\u00e9nito de una familia de tres hijos. Conoci\\u00f3 el Instituto Volutas Dei por un profesor en el momento en que frecuentaba el seminario menor de Trois-Rivi\\u00e8res. Este mismo profesor \\u2013 el Padre Gaston Laroche \\u2013 lo invit\\u00f3 a unirse al instituto en 1978. El Padre Fran\\u00e7ois comenz\\u00f3 su aspirantado el 9 de mayo de 1980 y fue ordenado sacerdote el 22 de noviembre de 1986. Su vivencia de la consagraci\\u00f3n secular lo lleva a unirse con la gente all\\u00ed donde est\\u00e1. Sabe escuchar y tocar los corazones de los que frecuenta. Es un canonista que sabe unir humanidad y pastoral.<\\\/p>\\n\n\n<p>Ha pasado gran parte de su vida en el mundo de la ense\\u00f1anza en secundaria (1976 a 1998) y como encargado de cursos en el seminario mayor de Montreal, en la Universidad de Quebec, en Trois-Rivi\\u00e8res y tambi\\u00e9n en la Universidad Saint-Paul de Ottawa. En 1992, obten\\u00eda un doctorado en derecho can\\u00f3nico de la Universidad de Strasbourg, Francia De 1987 a 1992, ha sido miembro del consejo de distrito canadiense y fue responsable de la formaci\\u00f3n de los candidatos a las \\u00f3rdenes sagradas. En 1992 era elegido miembro del consejo central y ocupaba el cargo de secretario general, trabajando as\\u00ed en estrecha colaboraci\\u00f3n con el director general Yvon Carpentier. Es un hombre consagrado intensamente a su trabajo que puede ocuparse de varios asuntos al mismo tiempo.<\\\/p>\\n\n\n<p>En 1998, ocup\\u00f3 el cargo de quinto director general del Instituto. Fue reelegido en 2004 para un segundo mandato de seis a\\u00f1os. Sus dos mandatos a la cabeza del Instituto estuvieron marcados por un acrecentamiento considerable de miembros, de nuevas fundaciones y por una reestructuraci\\u00f3n diferente del Instituto en ciertos pa\\u00edses. Ha contribuido a hacer conocer mejor el Instituto, asumiendo dos mandatos (2000-2004 y 2004-2008) en el consejo ejecutivo de la Conferencia mundial de los institutos seculares (CMIS) en Roma. En 2007, gracias a sus esfuerzos, la Congregaci\\u00f3n para los institutos de vida consagrada y las sociedades de vida apost\\u00f3lica, conced\\u00eda al Instituto Voluntas Dei un indulto permanente para emitir las letras dimisorias.<\\\/p>\",\"dropcap\":true,\"margin\":\"default\"}}]}],\"props\":{\"layout\":\"2-5,3-5\"}}],\"name\":\"Vatican\"}],\"version\":\"3.0.20\",\"type\":\"layout\",\"yooessentialsVersion\":\"1.9.1\"} --><\/p>\n","protected":false},"excerpt":{"rendered":"<p>Fran\u00e7ois Hamel Nouvelles du directeur g\u00e9n\u00e9ral Le P\u00e8re Fran\u00e7ois Hamel est n\u00e9 le 26 ao\u00fbt 1953 \u00e0 Cap-de-la-Madeleine (Trois-Rivi\u00e8res). Il est l\u2019a\u00een\u00e9 d\u2019une famille de trois enfants. Il a connu l\u2019Institut Voluntas Dei par un professeur au moment o\u00f9 il fr\u00e9quentait le petit s\u00e9minaire de Trois-Rivi\u00e8res. C\u2019est ce m\u00eame professeur \u2013 le P\u00e8re Gaston Laroche [&hellip;]<\/p>\n","protected":false},"author":1,"featured_media":0,"parent":0,"menu_order":1,"comment_status":"closed","ping_status":"closed","template":"","meta":{"footnotes":""},"class_list":["post-4186","page","type-page","status-publish","hentry"],"_links":{"self":[{"href":"https:\/\/www.voluntasdei.org\/en\/wp-json\/wp\/v2\/pages\/4186","targetHints":{"allow":["GET"]}}],"collection":[{"href":"https:\/\/www.voluntasdei.org\/en\/wp-json\/wp\/v2\/pages"}],"about":[{"href":"https:\/\/www.voluntasdei.org\/en\/wp-json\/wp\/v2\/types\/page"}],"author":[{"embeddable":true,"href":"https:\/\/www.voluntasdei.org\/en\/wp-json\/wp\/v2\/users\/1"}],"replies":[{"embeddable":true,"href":"https:\/\/www.voluntasdei.org\/en\/wp-json\/wp\/v2\/comments?post=4186"}],"version-history":[{"count":9,"href":"https:\/\/www.voluntasdei.org\/en\/wp-json\/wp\/v2\/pages\/4186\/revisions"}],"predecessor-version":[{"id":5695,"href":"https:\/\/www.voluntasdei.org\/en\/wp-json\/wp\/v2\/pages\/4186\/revisions\/5695"}],"wp:attachment":[{"href":"https:\/\/www.voluntasdei.org\/en\/wp-json\/wp\/v2\/media?parent=4186"}],"curies":[{"name":"wp","href":"https:\/\/api.w.org\/{rel}","templated":true}]}}